{"id":1741,"date":"2025-03-20T15:53:59","date_gmt":"2025-03-20T14:53:59","guid":{"rendered":"https:\/\/linea-formation.ch\/?page_id=1741"},"modified":"2025-07-09T00:32:14","modified_gmt":"2025-07-08T22:32:14","slug":"formation-testeur-pro","status":"publish","type":"page","link":"https:\/\/linea-formation.ch\/en\/social-networks\/formation-testeur-pro\/","title":{"rendered":"Formation Community Manager \u00e0 Gen\u00e8ve en pr\u00e9sentiel (Facebook, Instagram et Linkedin)"},"content":{"rendered":"<p><span style=\"font-family: arial, helvetica, sans-serif;\">D\u00e9couvrez une formation compl\u00e8te pour comprendre comment utiliser les r\u00e9seaux sociaux aujourd&rsquo;hui. Qu&rsquo;il s&rsquo;agisse de marketing digital, de strat\u00e9gie de contenu, de communication digitale ou de community management, vous avez besoin d&rsquo;\u00eatre pr\u00e9sent partout et de conna\u00eetre finement ces outils indspensables que sont les r\u00e9seaux sociaux. ce parcours est con\u00e7u pour vous aider \u00e0 percer dans l&rsquo;univers en constante \u00e9volution des m\u00e9dias sociaux. Si vous cherchez \u00e0 renforcer votre pr\u00e9sence en ligne, \u00e0 attirer un public engag\u00e9 et \u00e0 maximiser vos r\u00e9sultats, alors cette formation va vous aider.<\/span><\/p>\n<p><span style=\"font-family: arial, helvetica, sans-serif;\"><strong>Vous apprendrez \u00e0 d\u00e9velopper une strat\u00e9gie solide, \u00e0 animer votre communaut\u00e9, \u00e0 optimiser vos campagnes publicitaires, \u00e0 d\u00e9finir des KPI pertinents, et \u00e0 am\u00e9liorer en continu votre communication en ligne. Rejoignez-nous pour booster votre pr\u00e9sence sur les r\u00e9seaux sociaux et atteindre vos objectifs digitaux<\/strong><\/span><\/p>\n<p><span style=\"font-family: arial, helvetica, sans-serif;\"><strong>LES OBJECTIFS P\u00c9DAGOGIQUES : <\/strong><\/span><\/p>\n<p><span style=\"font-size: 1rem; font-family: arial, helvetica, sans-serif;\">\u2713 Connaitre les codes et les fonctionnalit\u00e9s qu\u2019offrent Facebook, LinkedIn et Instagram pour d\u00e9velopper sa communication digitale.<\/span><\/p>\n<p><span style=\"font-family: arial, helvetica, sans-serif;\">\u2713 Cr\u00e9er, param\u00e9trer et optimiser son profil LinkedIn.<\/span><\/p>\n<p><span style=\"font-family: arial, helvetica, sans-serif;\">\u2713 Cr\u00e9er, param\u00e9trer et optimiser sa page Facebook.<\/span><\/p>\n<p><span style=\"font-family: arial, helvetica, sans-serif;\">\u2713 Cr\u00e9er, param\u00e9trer et optimiser son profil Instagram.<\/span><\/p>\n<p><span style=\"font-family: arial, helvetica, sans-serif;\">\u2713 Comprendre les algorithmes de chaque plateforme et leurs cons\u00e9quences.<\/span><\/p>\n<p><span style=\"font-family: arial, helvetica, sans-serif;\">\u2713 Savoir programmer ses publications.<\/span><\/p>\n<p><span style=\"font-family: arial, helvetica, sans-serif;\">\u2713 Savoir consulter et analyser ses statistiques d\u2019audience.<\/span><\/p>\n<p><span style=\"font-family: arial, helvetica, sans-serif;\"><strong>LES METHODES P\u00c9DAGOGIQUES :<\/strong><\/span><\/p>\n<p><span style=\"font-family: arial, helvetica, sans-serif;\">\u2713 P\u00e9dagogie active et m\u00e9thodes agiles.<\/span><\/p>\n<p><span style=\"font-family: arial, helvetica, sans-serif;\">\u2713 Formation action<\/span><\/p>\n<p><span style=\"font-family: arial, helvetica, sans-serif;\">\u2713 Apports th\u00e9oriques et techniques.<\/span><\/p>\n<p><span style=\"font-family: arial, helvetica, sans-serif;\">\u2713 R\u00e9flexion et analyse autour de cas pratiques concrets.<\/span><\/p>\n<p><span style=\"font-family: arial, helvetica, sans-serif;\">\u2713 Brainstorming.<\/span><\/p>\n<p><span style=\"font-family: arial, helvetica, sans-serif;\">\u2713 Exercices pratiques et mise en application.<\/span><\/p>\n<p><span style=\"font-family: arial, helvetica, sans-serif;\">\u2713 Retour d\u2019exp\u00e9riences.<\/span><\/p>\n<p><span style=\"font-family: arial, helvetica, sans-serif;\">\u2713 Questions r\u00e9ponses<\/span><\/p>\n<p><span style=\"font-family: arial, helvetica, sans-serif;\"><strong>LES MOYENS MATERIELS :<\/strong><\/span><\/p>\n<p><span style=\"font-family: arial, helvetica, sans-serif;\">\u2713 Diffusion d\u2019un Powerpoint p\u00e9dagogique pour d\u00e9monstrations de cas clients et d\u2019outils.<\/span><\/p>\n<p><span style=\"font-family: arial, helvetica, sans-serif;\">\u2713 Travail en groupe.<\/span><\/p>\n<p><span style=\"font-family: arial, helvetica, sans-serif;\">\u2713 Chaque stagiaire travaillera directement depuis son ordinateur portable ou sa tablette<\/span><\/p>\n<p>&nbsp;<\/p>\n<p>&nbsp;<\/p>\n<p>&nbsp;<\/p>\n<div data-expandable-target=\"content\"><\/div>","protected":false},"excerpt":{"rendered":"<p>Vous souhaitez apprendre \u00e0\u00a0animer une communaut\u00e9 B2C\u00a0ou\u00a0B2B\u00a0et\u00a0d\u00e9finir une ligne \u00e9ditoriale\u00a0pour vos r\u00e9seaux<br \/>\nsociaux ?<\/p>","protected":false},"author":4,"featured_media":1787,"parent":1710,"menu_order":0,"comment_status":"closed","ping_status":"closed","template":"les-formations.php","meta":{"footnotes":""},"acf":[],"_links":{"self":[{"href":"https:\/\/linea-formation.ch\/en\/wp-json\/wp\/v2\/pages\/1741"}],"collection":[{"href":"https:\/\/linea-formation.ch\/en\/wp-json\/wp\/v2\/pages"}],"about":[{"href":"https:\/\/linea-formation.ch\/en\/wp-json\/wp\/v2\/types\/page"}],"author":[{"embeddable":true,"href":"https:\/\/linea-formation.ch\/en\/wp-json\/wp\/v2\/users\/4"}],"replies":[{"embeddable":true,"href":"https:\/\/linea-formation.ch\/en\/wp-json\/wp\/v2\/comments?post=1741"}],"version-history":[{"count":16,"href":"https:\/\/linea-formation.ch\/en\/wp-json\/wp\/v2\/pages\/1741\/revisions"}],"predecessor-version":[{"id":1799,"href":"https:\/\/linea-formation.ch\/en\/wp-json\/wp\/v2\/pages\/1741\/revisions\/1799"}],"up":[{"embeddable":true,"href":"https:\/\/linea-formation.ch\/en\/wp-json\/wp\/v2\/pages\/1710"}],"wp:featuredmedia":[{"embeddable":true,"href":"https:\/\/linea-formation.ch\/en\/wp-json\/wp\/v2\/media\/1787"}],"wp:attachment":[{"href":"https:\/\/linea-formation.ch\/en\/wp-json\/wp\/v2\/media?parent=1741"}],"curies":[{"name":"wp","href":"https:\/\/api.w.org\/{rel}","templated":true}]}}