{"id":213,"date":"2018-08-02T16:08:02","date_gmt":"2018-08-02T14:08:02","guid":{"rendered":"http:\/\/linea-formation.ch\/?page_id=213"},"modified":"2026-03-25T12:29:02","modified_gmt":"2026-03-25T11:29:02","slug":"agent-e-de-proprete-dhygiene","status":"publish","type":"page","link":"https:\/\/linea-formation.ch\/de\/hausmeisterei-bewachung\/agent-e-de-proprete-dhygiene\/","title":{"rendered":"Ausbildung zur\/zum Hygiene- und Reinigungsfachkraft in Genf und Lausanne"},"content":{"rendered":"<p><span style=\"color: #cc3333;\"><strong>BILDUNGSZIEL<\/strong><\/span><\/p>\n<p style=\"text-align: justify;\">Mit unserer Ausbildung zum Reinigungs- und Hygienefachmann\/-frau in Genf (in der N\u00e4he von Lausanne) werden Sie zu einem professionellen Reinigungs- und Pflegefachmann\/-frau ausgebildet, um manuelle und maschinelle Reinigungsarbeiten zu \u00fcbernehmen. Sie werden in der Lage sein, alle Arten von Oberfl\u00e4chen zu entstauben, zu waschen, zu desinfizieren oder zu trocknen und lernen, die richtigen Haushaltsprodukte zu verwenden, um das Lebensumfeld der Nutzer und Ihre eigene Gesundheit zu sch\u00fctzen. Als Hygiene- und Sauberkeitsfachkraft sind Diskretion und die Wahrung der Vertraulichkeit unerl\u00e4sslich.<\/p>\n<p style=\"text-align: justify;\">Im Rahmen unserer Ausbildung zur Reinigungskraft erwirbst du also berufliche und technische Kompetenzen, um sie mit dem Zertifikat f\u00fcr den Beruf des Fachmanns f\u00fcr Sauberkeit und Hygiene zu best\u00e4tigen.<\/p>\n<p style=\"text-align: justify;\">Gem\u00e4\u00df ihrer\/seiner Aufgabenbeschreibung reinigen, pflegen oder setzen sie\/er verschiedene R\u00e4umlichkeiten instand:<\/p>\n<ul>\n<li>B\u00fcros, S\u00e4le, Hallen, Flure, Treppenaufg\u00e4nge ...<\/li>\n<\/ul>\n<p><em>An verschiedenen Orten :<\/em><\/p>\n<ul>\n<li>Verwaltungen<\/li>\n<li>Unternehmen<\/li>\n<li>Bahnh\u00f6fe<\/li>\n<li>Transporte<\/li>\n<li>Privatwohnungen<\/li>\n<\/ul>\n<p>Je nachdem, wo sie arbeiten, k\u00f6nnen sich Geb\u00e4udereiniger\/innen spezialisieren:<\/p>\n<ul>\n<li>In der Krankenhausreinigung (oder EMS, Kuranstalt)<\/li>\n<li>In der Ultrareinheit (Lebensmittelindustrie, Labors ...)<\/li>\n<li>In der Maschinenwartung (B\u00fcros, Einkaufszentren, Museen, Vergn\u00fcgungsparks)<\/li>\n<li>In kleiner Wartung (B\u00fcros, Miteigent\u00fcmergemeinschaften)<\/li>\n<li>In Gr\u00fcnfl\u00e4chen<\/li>\n<li>Bei Arbeiten in der H\u00f6he (beim Fensterputzen)<\/li>\n<\/ul>\n<p><span style=\"color: #cc3333;\"><strong>ZIEL DER BILDUNGSMASSNAHME\u00a0 \u00a0\u00a0\u00a0\u00a0\u00a0\u00a0\u00a0\u00a0 <\/strong><strong><br \/>\n<\/strong><\/span><\/p>\n<ol>\n<li>Erwerb der notwendigen Kompetenzen und beruflichen Techniken, um f\u00fcr Sauberkeit und Hygiene in gewerblich genutzten R\u00e4umen, in Mehrfamilienh\u00e4usern oder in Privathaushalten zu sorgen.<\/li>\n<li>Die Produkte, das Material, das f\u00fcr die berufliche T\u00e4tigkeit notwendig ist, verwenden k\u00f6nnen.<\/li>\n<li>Ihre Zeit einteilen k\u00f6nnen, ihre Aktivit\u00e4ten an die Art der R\u00e4umlichkeiten anpassen und Anweisungen befolgen k\u00f6nnen.<\/li>\n<\/ol>\n<p>Nach Abschluss des Kurses sind die Praktikanten in der Lage :<br \/>\n- Eine Pflegedienstleistung erbringen, die an die R\u00e4umlichkeiten, Oberfl\u00e4chen und deren Nutzung angepasst ist.<\/p>","protected":false},"excerpt":{"rendered":"<p>Mit unserer Ausbildung zum Reinigungs- und Hygienefachmann\/-frau in Genf (in der N\u00e4he von Lausanne) werden Sie zu einem professionellen Reinigungs- und Pflegefachmann\/-frau ausgebildet, um manuelle und maschinelle Reinigungsarbeiten zu \u00fcbernehmen. Sie werden in der Lage sein, alle Arten von Oberfl\u00e4chen zu entstauben, zu waschen, zu desinfizieren oder auch zu trocknen und lernen, die richtigen Haushaltsprodukte zu verwenden, um das Lebensumfeld der Nutzer und Ihre eigene Gesundheit zu sch\u00fctzen.<\/p>","protected":false},"author":4,"featured_media":320,"parent":65,"menu_order":0,"comment_status":"closed","ping_status":"closed","template":"les-formations.php","meta":{"footnotes":""},"acf":[],"_links":{"self":[{"href":"https:\/\/linea-formation.ch\/de\/wp-json\/wp\/v2\/pages\/213"}],"collection":[{"href":"https:\/\/linea-formation.ch\/de\/wp-json\/wp\/v2\/pages"}],"about":[{"href":"https:\/\/linea-formation.ch\/de\/wp-json\/wp\/v2\/types\/page"}],"author":[{"embeddable":true,"href":"https:\/\/linea-formation.ch\/de\/wp-json\/wp\/v2\/users\/4"}],"replies":[{"embeddable":true,"href":"https:\/\/linea-formation.ch\/de\/wp-json\/wp\/v2\/comments?post=213"}],"version-history":[{"count":45,"href":"https:\/\/linea-formation.ch\/de\/wp-json\/wp\/v2\/pages\/213\/revisions"}],"predecessor-version":[{"id":1895,"href":"https:\/\/linea-formation.ch\/de\/wp-json\/wp\/v2\/pages\/213\/revisions\/1895"}],"up":[{"embeddable":true,"href":"https:\/\/linea-formation.ch\/de\/wp-json\/wp\/v2\/pages\/65"}],"wp:featuredmedia":[{"embeddable":true,"href":"https:\/\/linea-formation.ch\/de\/wp-json\/wp\/v2\/media\/320"}],"wp:attachment":[{"href":"https:\/\/linea-formation.ch\/de\/wp-json\/wp\/v2\/media?parent=213"}],"curies":[{"name":"wp","href":"https:\/\/api.w.org\/{rel}","templated":true}]}}