{"id":1769,"date":"2025-04-13T21:11:51","date_gmt":"2025-04-13T19:11:51","guid":{"rendered":"https:\/\/linea-formation.ch\/?page_id=1769"},"modified":"2025-07-09T00:32:43","modified_gmt":"2025-07-08T22:32:43","slug":"mac-reso","status":"publish","type":"page","link":"https:\/\/linea-formation.ch\/de\/soziale-netzwerke\/mac-reso\/","title":{"rendered":"Devenir Community Manager en distantiel : les experts des r\u00e9seaux sociaux"},"content":{"rendered":"<h2 class=\"h2 no-margin\"><strong><span style=\"font-family: arial, helvetica, sans-serif;\">Focus sur : le m\u00e9tier de Community Manager<\/span><\/strong><\/h2>\n<p><span style=\"font-family: arial, helvetica, sans-serif;\">Le m\u00e9tier de community manager (CM) consiste \u00e0 g\u00e9rer la pr\u00e9sence en ligne des entreprises. Son r\u00f4le est essentiel pour des secteurs d\u2019activit\u00e9 comme l\u2019e-commerce, o\u00f9 il \u00e9labore des strat\u00e9gies digitales et anime des campagnes publicitaires sur les r\u00e9seaux sociaux. La mission du community manager inclut la cr\u00e9ation de contenus \u00e9ditoriaux et la gestion de l\u2019e-r\u00e9putation, tout en cultivant une communaut\u00e9 d\u2019internautes active. Devenir community manager, c\u2019est plonger dans un monde o\u00f9 chaque interaction compte, en s\u2019assurant que les entreprises restent connect\u00e9es avec leur public.<\/span><\/p>\n<p><span style=\"font-family: arial, helvetica, sans-serif;\">Les opportunit\u00e9s sont riches et vari\u00e9es en termes de m\u00e9tiers ou d\u00e9bouch\u00e9s : <strong>Traffic manager, R\u00e9dacteur web, Consultant en<\/strong> <strong>communication&#8230;<\/strong><\/span><\/p>\n<p>&nbsp;<\/p>\n<h2><strong><span style=\"font-family: arial, helvetica, sans-serif;\">Quelles sont les comp\u00e9tences n\u00e9cessaires pour \u00eatre un bon Community Manager ?<\/span><\/strong><\/h2>\n<p>&nbsp;<\/p>\n<h3><span style=\"font-family: arial, helvetica, sans-serif;\">Comp\u00e9tences professionnelles :<\/span><\/h3>\n<ul>\n<li><span style=\"font-family: arial, helvetica, sans-serif;\">Ma\u00eetrise des techniques de gestion de contenu digital.<\/span><\/li>\n<li><span style=\"font-family: arial, helvetica, sans-serif;\">Comp\u00e9tences en SEO et optimisation des contenus pour les moteurs de recherche.<\/span><\/li>\n<li><span style=\"font-family: arial, helvetica, sans-serif;\">Connaissance des outils d\u2019analyse web et de gestion de projet.<\/span><\/li>\n<li><span style=\"font-family: arial, helvetica, sans-serif;\">Expertise en cr\u00e9ation et gestion de contenu.<\/span><\/li>\n<\/ul>\n<h3><span style=\"font-family: arial, helvetica, sans-serif;\">Comp\u00e9tences personnelles :<\/span><\/h3>\n<ul>\n<li><span style=\"font-family: arial, helvetica, sans-serif;\">Capacit\u00e9 de communication\u00a0pour collaborer avec les \u00e9quipes internes et externes.<\/span><\/li>\n<li><span style=\"font-family: arial, helvetica, sans-serif;\">Esprit cr\u00e9atif\u00a0pour d\u00e9velopper des contenus innovants et attractifs.<\/span><\/li>\n<li><span style=\"font-family: arial, helvetica, sans-serif;\">Rigueur et attention aux d\u00e9tails\u00a0pour assurer la pr\u00e9cision des contenus et des rapports.<\/span><\/li>\n<li><span style=\"font-family: arial, helvetica, sans-serif;\">Adaptabilit\u00e9\u00a0pour r\u00e9agir rapidement aux tendances du march\u00e9 et aux changements technologiques.<\/span><\/li>\n<li><span style=\"font-family: arial, helvetica, sans-serif;\">Leadership et gestion d\u2019\u00e9quipe\u00a0pour motiver et diriger les collaborateurs.<\/span><\/li>\n<\/ul>\n<p>&nbsp;<\/p>\n<h2 id=\"objectifs-de-la-formation\" class=\"joli-heading jtoc-heading\"><span style=\"font-family: arial, helvetica, sans-serif;\"><strong>Objectifs de la formation ?<\/strong><\/span><\/h2>\n<p>&nbsp;<\/p>\n<p><span style=\"font-family: arial, helvetica, sans-serif;\">A la fin de cette formation vous aurez plusieurs\u00a0<strong>comp\u00e9tences<\/strong>\u00a0en community management:<\/span><\/p>\n<ul>\n<li><span style=\"font-family: arial, helvetica, sans-serif;\">Diff\u00e9rencier et choisir le bons r\u00e9seaux sociaux en fonction des objectifs et de l\u2019audience souhait\u00e9e.<\/span><\/li>\n<li><span style=\"font-family: arial, helvetica, sans-serif;\">Mettre en place une veille concurrentielle pour rep\u00e9rer les bonnes pratiques.<\/span><\/li>\n<li><span style=\"font-family: arial, helvetica, sans-serif;\">\u00c9laborer un planning \u00e9ditorial vari\u00e9, pertinent et f\u00e9d\u00e9rateur.<\/span><\/li>\n<li><span style=\"font-family: arial, helvetica, sans-serif;\">Produire du contenu \u00e9ditorial, photo et vid\u00e9o \u00e0 l\u2019heure de l\u2019IA.<\/span><\/li>\n<li><span style=\"font-family: arial, helvetica, sans-serif;\">Cr\u00e9er et g\u00e9rer la configuration, mise en place des r\u00e9seaux sociaux.<\/span><\/li>\n<li><span style=\"font-family: arial, helvetica, sans-serif;\">Cr\u00e9er et mettre en place une strat\u00e9gie de community management pour recruter, animer et f\u00e9d\u00e9rer une communaut\u00e9.<\/span><\/li>\n<li><span style=\"font-family: arial, helvetica, sans-serif;\">Suivre les performances obtenues et pr\u00e9voir des optimisations.<\/span><\/li>\n<\/ul>\n<p>&nbsp;<\/p>\n<h2 id=\"objectifs-de-la-formation\" class=\"joli-heading jtoc-heading\"><span style=\"font-family: arial, helvetica, sans-serif;\"><strong>Moyens et supports p\u00e9dagogiques<\/strong><\/span><\/h2>\n<p>&nbsp;<\/p>\n<ul>\n<li><span style=\"font-family: arial, helvetica, sans-serif;\">Apports\u00a0des connaissances communes.<\/span><\/li>\n<li><span style=\"font-family: arial, helvetica, sans-serif;\">Mises en situation sur le th\u00e8me de la formation\u00a0et des cas concrets.<\/span><\/li>\n<li><span style=\"font-family: arial, helvetica, sans-serif;\">M\u00e9thodologie d&rsquo;apprentissage attractive, interactive et participative.<\/span><\/li>\n<li><span style=\"font-family: arial, helvetica, sans-serif;\">Supports de cours fournis au format num\u00e9rique.<\/span><\/li>\n<li><span style=\"font-family: arial, helvetica, sans-serif;\">Ressources documentaires en ligne et r\u00e9f\u00e9rences mises \u00e0 disposition par le formateur.<\/span><\/li>\n<\/ul>\n<p>&nbsp;<\/p>\n<div class=\"elementor-element elementor-element-53175c6 elementor-widget elementor-widget-heading\" data-id=\"53175c6\" data-element_type=\"widget\" data-widget_type=\"heading.default\">\n<div class=\"elementor-widget-container\">\n<h2 id=\"objectifs-de-la-formation\" class=\"joli-heading jtoc-heading\"><span style=\"font-family: arial, helvetica, sans-serif;\"><strong>Modalit\u00e9s d&rsquo;\u00e9valuations et de suivi<\/strong><\/span><\/h2>\n<p>&nbsp;<\/p>\n<\/div>\n<\/div>\n<div class=\"elementor-element elementor-element-5386b95 elementor-widget elementor-widget-text-editor\" data-id=\"5386b95\" data-element_type=\"widget\" data-widget_type=\"text-editor.default\">\n<div class=\"elementor-widget-container\">\n<p><span style=\"font-family: arial, helvetica, sans-serif;\"><strong>En amont de la formation<\/strong><\/span><\/p>\n<ul>\n<li><span style=\"font-family: arial, helvetica, sans-serif;\">Recueil des besoins des apprenants afin de disposer des informations essentielles au bon d\u00e9roul\u00e9 de la formation (profil, niveau, attentes particuli\u00e8res&#8230;).<\/span><\/li>\n<li><span style=\"font-family: arial, helvetica, sans-serif;\">Auto-positionnement des apprenants afin de mesurer le niveau de d\u00e9part.<\/span><\/li>\n<\/ul>\n<p><span style=\"font-family: arial, helvetica, sans-serif;\"><strong>Tout au long de la formation<\/strong><\/span><\/p>\n<ul>\n<li><span style=\"font-family: arial, helvetica, sans-serif;\">\u00c9valuation continue des acquis avec des questions orales, des exercices, des QCM, des cas pratiques ou mises en situation&#8230;<\/span><\/li>\n<\/ul>\n<p><span style=\"font-family: arial, helvetica, sans-serif;\"><strong>A la fin de la formation<\/strong><\/span><\/p>\n<ul>\n<li><span style=\"font-family: arial, helvetica, sans-serif;\">Auto-positionnement des apprenants afin de mesurer l&rsquo;acquisition des comp\u00e9tences.<\/span><\/li>\n<li><span style=\"font-family: arial, helvetica, sans-serif;\">Evaluation par le formateur des comp\u00e9tences acquises par les apprenants.<\/span><\/li>\n<li><span style=\"font-family: arial, helvetica, sans-serif;\">Questionnaire de satisfaction \u00e0 chaud afin de recueillir la satisfaction des apprenants \u00e0 l&rsquo;issue de la formation.<\/span><\/li>\n<li><span style=\"font-family: arial, helvetica, sans-serif;\">Questionnaire de satisfaction \u00e0 froid afin d&rsquo;\u00e9valuer les apports ancr\u00e9s de la formation et leurs mises en application au quotidien.<\/span><\/li>\n<\/ul>\n<\/div>\n<\/div>\n<p>&nbsp;<\/p>\n<p>&nbsp;<\/p>\n<p>&nbsp;<\/p>","protected":false},"excerpt":{"rendered":"<p>Vous souhaitez mettre en place une strat\u00e9gie social media efficace ?  Cette formation vous donne toutes les cl\u00e9s pour \u00e9laborer et piloter une strat\u00e9gie de community management performante<\/p>","protected":false},"author":4,"featured_media":1786,"parent":1710,"menu_order":1,"comment_status":"closed","ping_status":"closed","template":"les-formations.php","meta":{"footnotes":""},"acf":[],"_links":{"self":[{"href":"https:\/\/linea-formation.ch\/de\/wp-json\/wp\/v2\/pages\/1769"}],"collection":[{"href":"https:\/\/linea-formation.ch\/de\/wp-json\/wp\/v2\/pages"}],"about":[{"href":"https:\/\/linea-formation.ch\/de\/wp-json\/wp\/v2\/types\/page"}],"author":[{"embeddable":true,"href":"https:\/\/linea-formation.ch\/de\/wp-json\/wp\/v2\/users\/4"}],"replies":[{"embeddable":true,"href":"https:\/\/linea-formation.ch\/de\/wp-json\/wp\/v2\/comments?post=1769"}],"version-history":[{"count":18,"href":"https:\/\/linea-formation.ch\/de\/wp-json\/wp\/v2\/pages\/1769\/revisions"}],"predecessor-version":[{"id":1798,"href":"https:\/\/linea-formation.ch\/de\/wp-json\/wp\/v2\/pages\/1769\/revisions\/1798"}],"up":[{"embeddable":true,"href":"https:\/\/linea-formation.ch\/de\/wp-json\/wp\/v2\/pages\/1710"}],"wp:featuredmedia":[{"embeddable":true,"href":"https:\/\/linea-formation.ch\/de\/wp-json\/wp\/v2\/media\/1786"}],"wp:attachment":[{"href":"https:\/\/linea-formation.ch\/de\/wp-json\/wp\/v2\/media?parent=1769"}],"curies":[{"name":"wp","href":"https:\/\/api.w.org\/{rel}","templated":true}]}}